{"id":3161,"date":"2024-11-13T22:59:54","date_gmt":"2024-11-13T21:59:54","guid":{"rendered":"https:\/\/www.vivelibre.es\/collaborator\/dra-teresa-gomez\/"},"modified":"2025-02-11T10:30:39","modified_gmt":"2025-02-11T09:30:39","slug":"dr-teresa-gomez","status":"publish","type":"vl-collaborator","link":"https:\/\/www.vivelibre.es\/en\/collaborator\/dr-teresa-gomez\/","title":{"rendered":"Dr. Teresa G\u00f3mez"},"content":{"rendered":"<p>Graduated in Medicine and Surgery from the Complutense University of Madrid, Teresa specialized in ophthalmology at the Instituto Oft\u00e1lmico of the Gregorio Mara\u00f1\u00f3n University Hospital.<\/p><p>She has developed her professional experience as Head of the Oculoplastic and Refractive Surgery Section at Hospital de la Zarzuela, Team Leader in Ophthalmology at Hospital Nisa Pardo de Aravaca, and Ophthalmologist at the Dionisia Plaza Special Education Center.<\/p><p>Teresa has always had a particular interest in pediatric ophthalmology and the diagnosis of syndromes from an interdisciplinary perspective. As a result, her professional journey has increasingly focused on the field of disability. She believes that a person&#8217;s learning is fundamentally sensory, making it essential to ensure the best possible vision to foster interaction with their environment and enhance their independence.<\/p><p><\/p>","protected":false},"featured_media":2613,"template":"","class_list":["post-3161","vl-collaborator","type-vl-collaborator","status-publish","has-post-thumbnail","hentry"],"acf":[],"yoast_head":"<!-- This site is optimized with the Yoast SEO plugin v25.0 - https:\/\/yoast.com\/wordpress\/plugins\/seo\/ -->\n<title>Dr. Teresa G\u00f3mez | ViveLibre<\/title>\n<meta name=\"description\" content=\"Descubre como Dr. Teresa G\u00f3mez colabora con ViveLibre para mejorar la calidad de vida de las personas mayores, con discapacidad o en situaci\u00f3n de dependencia.\" \/>\n<meta name=\"robots\" content=\"index, follow, max-snippet:-1, max-image-preview:large, max-video-preview:-1\" \/>\n<link rel=\"canonical\" href=\"https:\/\/www.vivelibre.es\/en\/collaborator\/dr-teresa-gomez\/\" \/>\n<meta property=\"og:locale\" content=\"en_US\" \/>\n<meta property=\"og:type\" content=\"article\" \/>\n<meta property=\"og:title\" content=\"Dr. Teresa G\u00f3mez | ViveLibre\" \/>\n<meta property=\"og:description\" content=\"Descubre como Dr. Teresa G\u00f3mez colabora con ViveLibre para mejorar la calidad de vida de las personas mayores, con discapacidad o en situaci\u00f3n de dependencia.\" \/>\n<meta property=\"og:url\" content=\"https:\/\/www.vivelibre.es\/en\/collaborator\/dr-teresa-gomez\/\" \/>\n<meta property=\"og:site_name\" content=\"ViveLibre\" \/>\n<meta property=\"article:modified_time\" content=\"2025-02-11T09:30:39+00:00\" \/>\n<meta property=\"og:image\" content=\"https:\/\/www.vivelibre.es\/wp-content\/uploads\/2025\/01\/Dra.-Teresa-Gomez-oftalmologa-1.jpg\" \/>\n\t<meta property=\"og:image:width\" content=\"312\" \/>\n\t<meta property=\"og:image:height\" content=\"325\" \/>\n\t<meta property=\"og:image:type\" content=\"image\/jpeg\" \/>\n<meta name=\"twitter:card\" content=\"summary_large_image\" \/>\n<meta name=\"twitter:label1\" content=\"Est. reading time\" \/>\n\t<meta name=\"twitter:data1\" content=\"1 minute\" \/>\n<script type=\"application\/ld+json\" class=\"yoast-schema-graph\">{\"@context\":\"https:\/\/schema.org\",\"@graph\":[{\"@type\":\"WebPage\",\"@id\":\"https:\/\/www.vivelibre.es\/en\/collaborator\/dr-teresa-gomez\/\",\"url\":\"https:\/\/www.vivelibre.es\/en\/collaborator\/dr-teresa-gomez\/\",\"name\":\"Dr. Teresa G\u00f3mez | ViveLibre\",\"isPartOf\":{\"@id\":\"https:\/\/www.vivelibre.es\/en\/#website\"},\"primaryImageOfPage\":{\"@id\":\"https:\/\/www.vivelibre.es\/en\/collaborator\/dr-teresa-gomez\/#primaryimage\"},\"image\":{\"@id\":\"https:\/\/www.vivelibre.es\/en\/collaborator\/dr-teresa-gomez\/#primaryimage\"},\"thumbnailUrl\":\"https:\/\/www.vivelibre.es\/wp-content\/uploads\/2025\/01\/Dra.-Teresa-Gomez-oftalmologa-1.jpg\",\"datePublished\":\"2024-11-13T21:59:54+00:00\",\"dateModified\":\"2025-02-11T09:30:39+00:00\",\"description\":\"Descubre como Dr. Teresa G\u00f3mez colabora con ViveLibre para mejorar la calidad de vida de las personas mayores, con discapacidad o en situaci\u00f3n de dependencia.\",\"breadcrumb\":{\"@id\":\"https:\/\/www.vivelibre.es\/en\/collaborator\/dr-teresa-gomez\/#breadcrumb\"},\"inLanguage\":\"en-US\",\"potentialAction\":[{\"@type\":\"ReadAction\",\"target\":[\"https:\/\/www.vivelibre.es\/en\/collaborator\/dr-teresa-gomez\/\"]}]},{\"@type\":\"ImageObject\",\"inLanguage\":\"en-US\",\"@id\":\"https:\/\/www.vivelibre.es\/en\/collaborator\/dr-teresa-gomez\/#primaryimage\",\"url\":\"https:\/\/www.vivelibre.es\/wp-content\/uploads\/2025\/01\/Dra.-Teresa-Gomez-oftalmologa-1.jpg\",\"contentUrl\":\"https:\/\/www.vivelibre.es\/wp-content\/uploads\/2025\/01\/Dra.-Teresa-Gomez-oftalmologa-1.jpg\",\"width\":312,\"height\":325,\"caption\":\"Dra. Teresa G\u00f3mez oftalmologa\"},{\"@type\":\"BreadcrumbList\",\"@id\":\"https:\/\/www.vivelibre.es\/en\/collaborator\/dr-teresa-gomez\/#breadcrumb\",\"itemListElement\":[{\"@type\":\"ListItem\",\"position\":1,\"name\":\"Home\",\"item\":\"https:\/\/www.vivelibre.es\/en\/\"},{\"@type\":\"ListItem\",\"position\":2,\"name\":\"Dr. Teresa G\u00f3mez\"}]},{\"@type\":\"WebSite\",\"@id\":\"https:\/\/www.vivelibre.es\/en\/#website\",\"url\":\"https:\/\/www.vivelibre.es\/en\/\",\"name\":\"ViveLibre\",\"description\":\"M\u00e1s que un servicio de teleasistencia m\u00f3vil avanzado\",\"publisher\":{\"@id\":\"https:\/\/www.vivelibre.es\/en\/#organization\"},\"potentialAction\":[{\"@type\":\"SearchAction\",\"target\":{\"@type\":\"EntryPoint\",\"urlTemplate\":\"https:\/\/www.vivelibre.es\/en\/?s={search_term_string}\"},\"query-input\":{\"@type\":\"PropertyValueSpecification\",\"valueRequired\":true,\"valueName\":\"search_term_string\"}}],\"inLanguage\":\"en-US\"},{\"@type\":\"Organization\",\"@id\":\"https:\/\/www.vivelibre.es\/en\/#organization\",\"name\":\"ViveLibre\",\"url\":\"https:\/\/www.vivelibre.es\/en\/\",\"logo\":{\"@type\":\"ImageObject\",\"inLanguage\":\"en-US\",\"@id\":\"https:\/\/www.vivelibre.es\/en\/#\/schema\/logo\/image\/\",\"url\":\"https:\/\/www.vivelibre.es\/wp-content\/uploads\/2024\/12\/cropped-vive_libre_logo_principal-1.png\",\"contentUrl\":\"https:\/\/www.vivelibre.es\/wp-content\/uploads\/2024\/12\/cropped-vive_libre_logo_principal-1.png\",\"width\":512,\"height\":512,\"caption\":\"ViveLibre\"},\"image\":{\"@id\":\"https:\/\/www.vivelibre.es\/en\/#\/schema\/logo\/image\/\"}}]}<\/script>\n<!-- \/ Yoast SEO plugin. -->","yoast_head_json":{"title":"Dr. Teresa G\u00f3mez | ViveLibre","description":"Descubre como Dr. Teresa G\u00f3mez colabora con ViveLibre para mejorar la calidad de vida de las personas mayores, con discapacidad o en situaci\u00f3n de dependencia.","robots":{"index":"index","follow":"follow","max-snippet":"max-snippet:-1","max-image-preview":"max-image-preview:large","max-video-preview":"max-video-preview:-1"},"canonical":"https:\/\/www.vivelibre.es\/en\/collaborator\/dr-teresa-gomez\/","og_locale":"en_US","og_type":"article","og_title":"Dr. Teresa G\u00f3mez | ViveLibre","og_description":"Descubre como Dr. Teresa G\u00f3mez colabora con ViveLibre para mejorar la calidad de vida de las personas mayores, con discapacidad o en situaci\u00f3n de dependencia.","og_url":"https:\/\/www.vivelibre.es\/en\/collaborator\/dr-teresa-gomez\/","og_site_name":"ViveLibre","article_modified_time":"2025-02-11T09:30:39+00:00","og_image":[{"width":312,"height":325,"url":"https:\/\/www.vivelibre.es\/wp-content\/uploads\/2025\/01\/Dra.-Teresa-Gomez-oftalmologa-1.jpg","type":"image\/jpeg"}],"twitter_card":"summary_large_image","twitter_misc":{"Est. reading time":"1 minute"},"schema":{"@context":"https:\/\/schema.org","@graph":[{"@type":"WebPage","@id":"https:\/\/www.vivelibre.es\/en\/collaborator\/dr-teresa-gomez\/","url":"https:\/\/www.vivelibre.es\/en\/collaborator\/dr-teresa-gomez\/","name":"Dr. Teresa G\u00f3mez | ViveLibre","isPartOf":{"@id":"https:\/\/www.vivelibre.es\/en\/#website"},"primaryImageOfPage":{"@id":"https:\/\/www.vivelibre.es\/en\/collaborator\/dr-teresa-gomez\/#primaryimage"},"image":{"@id":"https:\/\/www.vivelibre.es\/en\/collaborator\/dr-teresa-gomez\/#primaryimage"},"thumbnailUrl":"https:\/\/www.vivelibre.es\/wp-content\/uploads\/2025\/01\/Dra.-Teresa-Gomez-oftalmologa-1.jpg","datePublished":"2024-11-13T21:59:54+00:00","dateModified":"2025-02-11T09:30:39+00:00","description":"Descubre como Dr. Teresa G\u00f3mez colabora con ViveLibre para mejorar la calidad de vida de las personas mayores, con discapacidad o en situaci\u00f3n de dependencia.","breadcrumb":{"@id":"https:\/\/www.vivelibre.es\/en\/collaborator\/dr-teresa-gomez\/#breadcrumb"},"inLanguage":"en-US","potentialAction":[{"@type":"ReadAction","target":["https:\/\/www.vivelibre.es\/en\/collaborator\/dr-teresa-gomez\/"]}]},{"@type":"ImageObject","inLanguage":"en-US","@id":"https:\/\/www.vivelibre.es\/en\/collaborator\/dr-teresa-gomez\/#primaryimage","url":"https:\/\/www.vivelibre.es\/wp-content\/uploads\/2025\/01\/Dra.-Teresa-Gomez-oftalmologa-1.jpg","contentUrl":"https:\/\/www.vivelibre.es\/wp-content\/uploads\/2025\/01\/Dra.-Teresa-Gomez-oftalmologa-1.jpg","width":312,"height":325,"caption":"Dra. Teresa G\u00f3mez oftalmologa"},{"@type":"BreadcrumbList","@id":"https:\/\/www.vivelibre.es\/en\/collaborator\/dr-teresa-gomez\/#breadcrumb","itemListElement":[{"@type":"ListItem","position":1,"name":"Home","item":"https:\/\/www.vivelibre.es\/en\/"},{"@type":"ListItem","position":2,"name":"Dr. Teresa G\u00f3mez"}]},{"@type":"WebSite","@id":"https:\/\/www.vivelibre.es\/en\/#website","url":"https:\/\/www.vivelibre.es\/en\/","name":"ViveLibre","description":"M\u00e1s que un servicio de teleasistencia m\u00f3vil avanzado","publisher":{"@id":"https:\/\/www.vivelibre.es\/en\/#organization"},"potentialAction":[{"@type":"SearchAction","target":{"@type":"EntryPoint","urlTemplate":"https:\/\/www.vivelibre.es\/en\/?s={search_term_string}"},"query-input":{"@type":"PropertyValueSpecification","valueRequired":true,"valueName":"search_term_string"}}],"inLanguage":"en-US"},{"@type":"Organization","@id":"https:\/\/www.vivelibre.es\/en\/#organization","name":"ViveLibre","url":"https:\/\/www.vivelibre.es\/en\/","logo":{"@type":"ImageObject","inLanguage":"en-US","@id":"https:\/\/www.vivelibre.es\/en\/#\/schema\/logo\/image\/","url":"https:\/\/www.vivelibre.es\/wp-content\/uploads\/2024\/12\/cropped-vive_libre_logo_principal-1.png","contentUrl":"https:\/\/www.vivelibre.es\/wp-content\/uploads\/2024\/12\/cropped-vive_libre_logo_principal-1.png","width":512,"height":512,"caption":"ViveLibre"},"image":{"@id":"https:\/\/www.vivelibre.es\/en\/#\/schema\/logo\/image\/"}}]}},"_links":{"self":[{"href":"https:\/\/www.vivelibre.es\/en\/wp-json\/wp\/v2\/collaborator\/3161","targetHints":{"allow":["GET"]}}],"collection":[{"href":"https:\/\/www.vivelibre.es\/en\/wp-json\/wp\/v2\/collaborator"}],"about":[{"href":"https:\/\/www.vivelibre.es\/en\/wp-json\/wp\/v2\/types\/vl-collaborator"}],"wp:featuredmedia":[{"embeddable":true,"href":"https:\/\/www.vivelibre.es\/en\/wp-json\/wp\/v2\/media\/2613"}],"wp:attachment":[{"href":"https:\/\/www.vivelibre.es\/en\/wp-json\/wp\/v2\/media?parent=3161"}],"curies":[{"name":"wp","href":"https:\/\/api.w.org\/{rel}","templated":true}]}}